{"id":10981,"date":"2023-07-19T13:04:36","date_gmt":"2023-07-19T11:04:36","guid":{"rendered":"https:\/\/www.kaisergarten-deidesheim.com\/conference-celebration-events\/picture-gallery\/"},"modified":"2024-03-25T08:49:53","modified_gmt":"2024-03-25T07:49:53","slug":"picture-gallery","status":"publish","type":"page","link":"https:\/\/www.kaisergarten-deidesheim.com\/en\/conference-celebration-events\/picture-gallery\/","title":{"rendered":"Picture gallery"},"content":{"rendered":"\t\t<div data-elementor-type=\"wp-page\" data-elementor-id=\"10981\" class=\"elementor elementor-10981 elementor-2208\" data-elementor-post-type=\"page\">\n\t\t\t\t<div class=\"elementor-element elementor-element-a818816 e-flex e-con-boxed e-con e-parent\" data-id=\"a818816\" data-element_type=\"container\" data-e-type=\"container\">\n\t\t\t\t\t<div class=\"e-con-inner\">\n\t\t<div class=\"elementor-element elementor-element-ff236d9 e-con-full animated-slow e-flex elementor-invisible e-con e-child\" data-id=\"ff236d9\" data-element_type=\"container\" data-e-type=\"container\" data-settings=\"{&quot;animation&quot;:&quot;fadeInUp&quot;}\">\n\t\t\t\t<div class=\"elementor-element elementor-element-910ea98 elementor-widget elementor-widget-shortcode\" data-id=\"910ea98\" data-element_type=\"widget\" data-e-type=\"widget\" data-widget_type=\"shortcode.default\">\n\t\t\t\t\t\t\t<div class=\"elementor-shortcode\"><nav aria-label=\"breadcrumbs\" class=\"rank-math-breadcrumb\"><p><span class=\"last\">Home<\/span><\/p><\/nav><\/div>\n\t\t\t\t\t\t<\/div>\n\t\t\t\t<\/div>\n\t\t\t\t\t<\/div>\n\t\t\t\t<\/div>\n\t\t<div class=\"elementor-element elementor-element-95e62d7 animated-slow e-flex e-con-boxed elementor-invisible e-con e-parent\" data-id=\"95e62d7\" data-element_type=\"container\" data-e-type=\"container\" data-settings=\"{&quot;animation&quot;:&quot;fadeInUp&quot;}\">\n\t\t\t\t\t<div class=\"e-con-inner\">\n\t\t\t\t<div class=\"elementor-element elementor-element-9b7e9e3 elementor-widget elementor-widget-heading\" data-id=\"9b7e9e3\" data-element_type=\"widget\" data-e-type=\"widget\" data-widget_type=\"heading.default\">\n\t\t\t\t\t<h2 class=\"elementor-heading-title elementor-size-medium\">Conference | Celebration | Events<\/h2>\t\t\t\t<\/div>\n\t\t\t\t<div class=\"elementor-element elementor-element-f252325 elementor-widget-divider--view-line elementor-widget elementor-widget-global elementor-global-10259 elementor-global-883 elementor-widget-divider\" data-id=\"f252325\" data-element_type=\"widget\" data-e-type=\"widget\" data-widget_type=\"divider.default\">\n\t\t\t\t\t\t\t<div class=\"elementor-divider\">\n\t\t\t<span class=\"elementor-divider-separator\">\n\t\t\t\t\t\t<\/span>\n\t\t<\/div>\n\t\t\t\t\t\t<\/div>\n\t\t\t\t\t<\/div>\n\t\t\t\t<\/div>\n\t\t<div class=\"elementor-element elementor-element-870d1fa animated-slow e-flex e-con-boxed elementor-invisible e-con e-parent\" data-id=\"870d1fa\" data-element_type=\"container\" data-e-type=\"container\" data-settings=\"{&quot;animation&quot;:&quot;fadeInUp&quot;}\">\n\t\t\t\t\t<div class=\"e-con-inner\">\n\t\t\t\t<div class=\"elementor-element elementor-element-eccc359 elementor-widget elementor-widget-ucaddon_uc_compact_image_theme\" data-id=\"eccc359\" data-element_type=\"widget\" data-e-type=\"widget\" data-widget_type=\"ucaddon_uc_compact_image_theme.default\">\n\t\t\t\t<div class=\"elementor-widget-container\">\n\t\t\t\t\t\n<!-- start Compact Gallery -->\n\t\t<link id='unitegallery-css' href='https:\/\/www.kaisergarten-deidesheim.com\/wp-content\/plugins\/unlimited-elements-for-elementor\/assets_libraries\/unitegallery\/css\/unite-gallery.css' type='text\/css' rel='stylesheet' >\n\n\n<div id=\"uc_uc_compact_image_theme_elementor_eccc359\" class=\"uc-items-wrapper  \" style=\"display:none; margin:0 auto;\"  data-remote-type=\"gallery\" data-custom-sethtml=\"true\" >\n\n\n<img decoding=\"async\" alt=\" Pfalz\"\n   src=\"https:\/\/www.kaisergarten-deidesheim.com\/wp-content\/uploads\/2023\/11\/tagung-veranstaltung-event-7805-1-Kaiserblick-768x512.jpg\"\n    data-image=\"https:\/\/www.kaisergarten-deidesheim.com\/wp-content\/uploads\/2023\/11\/tagung-veranstaltung-event-7805-1-Kaiserblick-1024x682.jpg\"\n    data-title=\" Pfalz\"\n    data-description=\"@ Robert Dieth\">\n\n<img decoding=\"async\" alt=\" Pfalz. Parlamentarisch bestuhlt f\u00fcr 96 Personen\"\n   src=\"https:\/\/www.kaisergarten-deidesheim.com\/wp-content\/uploads\/2023\/09\/tagung-veranstaltung-event-9054-Kaiserblick-768x512.jpg\"\n    data-image=\"https:\/\/www.kaisergarten-deidesheim.com\/wp-content\/uploads\/2023\/09\/tagung-veranstaltung-event-9054-Kaiserblick-1024x682.jpg\"\n    data-title=\" Pfalz. Parlamentarisch bestuhlt f\u00fcr 96 Personen\"\n    data-description=\"@ Robert Dieth\">\n\n<img decoding=\"async\" alt=\" Pfalz. Parlamentarisch bestuhlt f\u00fcr 96 Personen\"\n   src=\"https:\/\/www.kaisergarten-deidesheim.com\/wp-content\/uploads\/2023\/09\/tagung-veranstaltung-event-9207-Kaiserblick-768x512.jpg\"\n    data-image=\"https:\/\/www.kaisergarten-deidesheim.com\/wp-content\/uploads\/2023\/09\/tagung-veranstaltung-event-9207-Kaiserblick-1024x682.jpg\"\n    data-title=\" Pfalz. Parlamentarisch bestuhlt f\u00fcr 96 Personen\"\n    data-description=\"@ Robert Dieth\">\n\n<img decoding=\"async\" alt=\" Pfalz. Parlamentarisch bestuhlt f\u00fcr 96 Personen\"\n   src=\"https:\/\/www.kaisergarten-deidesheim.com\/wp-content\/uploads\/2023\/09\/tagung-veranstaltung-event-9201-Kaiserblick-768x512.jpg\"\n    data-image=\"https:\/\/www.kaisergarten-deidesheim.com\/wp-content\/uploads\/2023\/09\/tagung-veranstaltung-event-9201-Kaiserblick-1024x682.jpg\"\n    data-title=\" Pfalz. Parlamentarisch bestuhlt f\u00fcr 96 Personen\"\n    data-description=\"@ Robert Dieth\">\n\n<img decoding=\"async\" alt=\" Pfalz. Parlamentarisch bestuhlt f\u00fcr 96 Personen\"\n   src=\"https:\/\/www.kaisergarten-deidesheim.com\/wp-content\/uploads\/2023\/09\/tagung-veranstaltung-event-9196-Kaiserblick-768x512.jpg\"\n    data-image=\"https:\/\/www.kaisergarten-deidesheim.com\/wp-content\/uploads\/2023\/09\/tagung-veranstaltung-event-9196-Kaiserblick-1024x682.jpg\"\n    data-title=\" Pfalz. Parlamentarisch bestuhlt f\u00fcr 96 Personen\"\n    data-description=\"@ Robert Dieth\">\n\n<img decoding=\"async\" alt=\" Deidesheim gibt die umliegende dreiseitig Terrasse mit Glasbalustrade ein gigantisches Panorama auf Deidesheim und die umliegenden Weinberge frei\"\n   src=\"https:\/\/www.kaisergarten-deidesheim.com\/wp-content\/uploads\/2023\/09\/tagung-veranstaltung-event-9185-Kaiserblick_Terrasse-768x512.jpg\"\n    data-image=\"https:\/\/www.kaisergarten-deidesheim.com\/wp-content\/uploads\/2023\/09\/tagung-veranstaltung-event-9185-Kaiserblick_Terrasse-1024x682.jpg\"\n    data-title=\" Deidesheim gibt die umliegende dreiseitig Terrasse mit Glasbalustrade ein gigantisches Panorama auf Deidesheim und die umliegenden Weinberge frei\"\n    data-description=\"@ Robert Dieth\">\n\n<img decoding=\"async\" alt=\" Pfalz genutzt werden. Hier im Block bestuhlt mit bis zu 36 Personen\"\n   src=\"https:\/\/www.kaisergarten-deidesheim.com\/wp-content\/uploads\/2023\/09\/tagung-veranstaltung-event-9169-Kaiserblick_2-768x512.jpg\"\n    data-image=\"https:\/\/www.kaisergarten-deidesheim.com\/wp-content\/uploads\/2023\/09\/tagung-veranstaltung-event-9169-Kaiserblick_2-1024x682.jpg\"\n    data-title=\" Pfalz genutzt werden. Hier im Block bestuhlt mit bis zu 36 Personen\"\n    data-description=\"@ Robert Dieth\">\n\n<img decoding=\"async\" alt=\" Pfalz genutzt werden. Hier im Kreis bestuhlt f\u00fcr ca. 20 Personen\"\n   src=\"https:\/\/www.kaisergarten-deidesheim.com\/wp-content\/uploads\/2023\/09\/tagung-veranstaltung-event-9159-Kaiserblick_2-768x512.jpg\"\n    data-image=\"https:\/\/www.kaisergarten-deidesheim.com\/wp-content\/uploads\/2023\/09\/tagung-veranstaltung-event-9159-Kaiserblick_2-1024x682.jpg\"\n    data-title=\" Pfalz genutzt werden. Hier im Kreis bestuhlt f\u00fcr ca. 20 Personen\"\n    data-description=\"@ Robert Dieth\">\n\n<img decoding=\"async\" alt=\" Pfalz genutzt werden. Hier in U-Form bestuhlt f\u00fcr ca. 40 Personen\"\n   src=\"https:\/\/www.kaisergarten-deidesheim.com\/wp-content\/uploads\/2023\/09\/tagung-veranstaltung-event-9155-Kaiserblick_1-768x512.jpg\"\n    data-image=\"https:\/\/www.kaisergarten-deidesheim.com\/wp-content\/uploads\/2023\/09\/tagung-veranstaltung-event-9155-Kaiserblick_1-1024x682.jpg\"\n    data-title=\" Pfalz genutzt werden. Hier in U-Form bestuhlt f\u00fcr ca. 40 Personen\"\n    data-description=\"@ Robert Dieth\">\n\n<img decoding=\"async\" alt=\" Pfalz genutzt werden. Hier parlamentarisch bestuhlt f\u00fcr 48 Personen\"\n   src=\"https:\/\/www.kaisergarten-deidesheim.com\/wp-content\/uploads\/2023\/09\/tagung-veranstaltung-event-9137-Kaiserblick_1-768x512.jpg\"\n    data-image=\"https:\/\/www.kaisergarten-deidesheim.com\/wp-content\/uploads\/2023\/09\/tagung-veranstaltung-event-9137-Kaiserblick_1-1024x682.jpg\"\n    data-title=\" Pfalz genutzt werden. Hier parlamentarisch bestuhlt f\u00fcr 48 Personen\"\n    data-description=\"@ Robert Dieth\">\n\n<img decoding=\"async\" alt=\" Pfalz genutzt werden. Hier parlamentarisch bestuhlt f\u00fcr 48 Personen\"\n   src=\"https:\/\/www.kaisergarten-deidesheim.com\/wp-content\/uploads\/2023\/09\/tagung-veranstaltung-event-9106-Kaiserblick_2-768x512.jpg\"\n    data-image=\"https:\/\/www.kaisergarten-deidesheim.com\/wp-content\/uploads\/2023\/09\/tagung-veranstaltung-event-9106-Kaiserblick_2-1024x682.jpg\"\n    data-title=\" Pfalz genutzt werden. Hier parlamentarisch bestuhlt f\u00fcr 48 Personen\"\n    data-description=\"@ Robert Dieth\">\n\n<img decoding=\"async\" alt=\" Pfalz,\"\n   src=\"https:\/\/www.kaisergarten-deidesheim.com\/wp-content\/uploads\/2023\/09\/tagung-veranstaltung-event-9094-Tagung-768x512.jpg\"\n    data-image=\"https:\/\/www.kaisergarten-deidesheim.com\/wp-content\/uploads\/2023\/09\/tagung-veranstaltung-event-9094-Tagung-1024x682.jpg\"\n    data-title=\" Pfalz,\"\n    data-description=\"@ Robert Dieth\">\n\n<img decoding=\"async\" alt=\"Tagung | Veranstaltung | Event im Kaisergarten Deidesheim \u2013 Kaiserblick\"\n   src=\"https:\/\/www.kaisergarten-deidesheim.com\/wp-content\/uploads\/2023\/09\/tagung-veranstaltung-event-9080-Kaiserblick-768x512.jpg\"\n    data-image=\"https:\/\/www.kaisergarten-deidesheim.com\/wp-content\/uploads\/2023\/09\/tagung-veranstaltung-event-9080-Kaiserblick-1024x682.jpg\"\n    data-title=\"Tagung | Veranstaltung | Event im Kaisergarten Deidesheim \u2013 Kaiserblick\"\n    data-description=\"@ Robert Dieth\">\n\n<img decoding=\"async\" alt=\" Pfalz\"\n   src=\"https:\/\/www.kaisergarten-deidesheim.com\/wp-content\/uploads\/2023\/09\/tagung-veranstaltung-event-boardrooms-9228-Grainhuebel-768x512.jpg\"\n    data-image=\"https:\/\/www.kaisergarten-deidesheim.com\/wp-content\/uploads\/2023\/09\/tagung-veranstaltung-event-boardrooms-9228-Grainhuebel-1024x682.jpg\"\n    data-title=\" Pfalz\"\n    data-description=\"@ Robert Dieth\">\n\n<img decoding=\"async\" alt=\" Pfalz\"\n   src=\"https:\/\/www.kaisergarten-deidesheim.com\/wp-content\/uploads\/2023\/09\/tagung-veranstaltung-event-boardrooms-9310-Paradiesgarten-768x512.jpg\"\n    data-image=\"https:\/\/www.kaisergarten-deidesheim.com\/wp-content\/uploads\/2023\/09\/tagung-veranstaltung-event-boardrooms-9310-Paradiesgarten-1024x682.jpg\"\n    data-title=\" Pfalz\"\n    data-description=\"@ Robert Dieth\">\n\n<img decoding=\"async\" alt=\" Pfalz\"\n   src=\"https:\/\/www.kaisergarten-deidesheim.com\/wp-content\/uploads\/2023\/09\/tagung-veranstaltung-event-boardrooms-9298-Paradiesgarten-768x512.jpg\"\n    data-image=\"https:\/\/www.kaisergarten-deidesheim.com\/wp-content\/uploads\/2023\/09\/tagung-veranstaltung-event-boardrooms-9298-Paradiesgarten-1024x683.jpg\"\n    data-title=\" Pfalz\"\n    data-description=\"@ Robert Dieth\">\n\n<img decoding=\"async\" alt=\" Pfalz\"\n   src=\"https:\/\/www.kaisergarten-deidesheim.com\/wp-content\/uploads\/2023\/09\/tagung-veranstaltung-event-boardrooms-9282-Paradiesgarten-768x512.jpg\"\n    data-image=\"https:\/\/www.kaisergarten-deidesheim.com\/wp-content\/uploads\/2023\/09\/tagung-veranstaltung-event-boardrooms-9282-Paradiesgarten-1024x682.jpg\"\n    data-title=\" Pfalz\"\n    data-description=\"@ Robert Dieth\">\n\n<img decoding=\"async\" alt=\" Pfalz\"\n   src=\"https:\/\/www.kaisergarten-deidesheim.com\/wp-content\/uploads\/2023\/09\/tagung-veranstaltung-event-boardrooms-9222-Maeushoehle-768x512.jpg\"\n    data-image=\"https:\/\/www.kaisergarten-deidesheim.com\/wp-content\/uploads\/2023\/09\/tagung-veranstaltung-event-boardrooms-9222-Maeushoehle-1024x682.jpg\"\n    data-title=\" Pfalz\"\n    data-description=\"@ Robert Dieth\">\n\n<img decoding=\"async\" alt=\" Pfalz\"\n   src=\"https:\/\/www.kaisergarten-deidesheim.com\/wp-content\/uploads\/2023\/09\/tagung-veranstaltung-event-boardrooms-9211-Maeushoehle-768x512.jpg\"\n    data-image=\"https:\/\/www.kaisergarten-deidesheim.com\/wp-content\/uploads\/2023\/09\/tagung-veranstaltung-event-boardrooms-9211-Maeushoehle-1024x682.jpg\"\n    data-title=\" Pfalz\"\n    data-description=\"@ Robert Dieth\">\n\n<img decoding=\"async\" alt=\" Pfalz\"\n   src=\"https:\/\/www.kaisergarten-deidesheim.com\/wp-content\/uploads\/2023\/09\/tagung-veranstaltung-event-boardrooms-9271-Kalkofen-768x512.jpg\"\n    data-image=\"https:\/\/www.kaisergarten-deidesheim.com\/wp-content\/uploads\/2023\/09\/tagung-veranstaltung-event-boardrooms-9271-Kalkofen-1024x682.jpg\"\n    data-title=\" Pfalz\"\n    data-description=\"@ Robert Dieth\">\n\n<img decoding=\"async\" alt=\" Pfalz\"\n   src=\"https:\/\/www.kaisergarten-deidesheim.com\/wp-content\/uploads\/2023\/09\/tagung-veranstaltung-event-boardrooms-9262-Kalkofen-768x512.jpg\"\n    data-image=\"https:\/\/www.kaisergarten-deidesheim.com\/wp-content\/uploads\/2023\/09\/tagung-veranstaltung-event-boardrooms-9262-Kalkofen-1024x682.jpg\"\n    data-title=\" Pfalz\"\n    data-description=\"@ Robert Dieth\">\n\n<img decoding=\"async\" alt=\" Pfalz\"\n   src=\"https:\/\/www.kaisergarten-deidesheim.com\/wp-content\/uploads\/2023\/09\/tagung-veranstaltung-event-boardrooms-9257-Kalkofen-768x512.jpg\"\n    data-image=\"https:\/\/www.kaisergarten-deidesheim.com\/wp-content\/uploads\/2023\/09\/tagung-veranstaltung-event-boardrooms-9257-Kalkofen-1024x682.jpg\"\n    data-title=\" Pfalz\"\n    data-description=\"@ Robert Dieth\">\n\n<img decoding=\"async\" alt=\" Pfalz\"\n   src=\"https:\/\/www.kaisergarten-deidesheim.com\/wp-content\/uploads\/2023\/09\/tagung-veranstaltung-event-boardrooms-9279-Hohenmorgen-768x512.jpg\"\n    data-image=\"https:\/\/www.kaisergarten-deidesheim.com\/wp-content\/uploads\/2023\/09\/tagung-veranstaltung-event-boardrooms-9279-Hohenmorgen-1024x682.jpg\"\n    data-title=\" Pfalz\"\n    data-description=\"@ Robert Dieth\">\n\n<img decoding=\"async\" alt=\" Pfalz\"\n   src=\"https:\/\/www.kaisergarten-deidesheim.com\/wp-content\/uploads\/2023\/09\/tagung-veranstaltung-event-boardrooms-9242_Grainhuebel-768x512.jpg\"\n    data-image=\"https:\/\/www.kaisergarten-deidesheim.com\/wp-content\/uploads\/2023\/09\/tagung-veranstaltung-event-boardrooms-9242_Grainhuebel-1024x682.jpg\"\n    data-title=\" Pfalz\"\n    data-description=\"@ Robert Dieth\">\n\n<img decoding=\"async\" alt=\" Pfalz\"\n   src=\"https:\/\/www.kaisergarten-deidesheim.com\/wp-content\/uploads\/2023\/09\/tagung-veranstaltung-event-boardrooms-9239-Grainhuebel-768x512.jpg\"\n    data-image=\"https:\/\/www.kaisergarten-deidesheim.com\/wp-content\/uploads\/2023\/09\/tagung-veranstaltung-event-boardrooms-9239-Grainhuebel-1024x682.jpg\"\n    data-title=\" Pfalz\"\n    data-description=\"@ Robert Dieth\">\n\n<img decoding=\"async\" alt=\" Pfalz\"\n   src=\"https:\/\/www.kaisergarten-deidesheim.com\/wp-content\/uploads\/2023\/09\/tagung-veranstaltung-event-boardrooms-9239-Grainhuebel_ohne-Logo-768x512.jpg\"\n    data-image=\"https:\/\/www.kaisergarten-deidesheim.com\/wp-content\/uploads\/2023\/09\/tagung-veranstaltung-event-boardrooms-9239-Grainhuebel_ohne-Logo-1024x682.jpg\"\n    data-title=\" Pfalz\"\n    data-description=\"@ Robert Dieth\">\n\n<img decoding=\"async\" alt=\" Pfalz\"\n   src=\"https:\/\/www.kaisergarten-deidesheim.com\/wp-content\/uploads\/2023\/09\/tagung-veranstaltung-event-boardrooms-9230-Grainhuebel-768x512.jpg\"\n    data-image=\"https:\/\/www.kaisergarten-deidesheim.com\/wp-content\/uploads\/2023\/09\/tagung-veranstaltung-event-boardrooms-9230-Grainhuebel-1024x682.jpg\"\n    data-title=\" Pfalz\"\n    data-description=\"@ Robert Dieth\">\n\n<img decoding=\"async\" alt=\"Foodbild: Tatar auf einem wei\u00dfen Teller\"\n   src=\"https:\/\/www.kaisergarten-deidesheim.com\/wp-content\/uploads\/2023\/09\/tagung-veranstaltung-event-ketschauer-hof-0068_Kochatelier_Detail-768x512.jpg\"\n    data-image=\"https:\/\/www.kaisergarten-deidesheim.com\/wp-content\/uploads\/2023\/09\/tagung-veranstaltung-event-ketschauer-hof-0068_Kochatelier_Detail-1024x682.jpg\"\n    data-title=\"Foodbild: Tatar auf einem wei\u00dfen Teller\"\n    data-description=\"@ Robert Dieth\">\n\n<img decoding=\"async\" alt=\"Foodbild: Capresesalat auf wei\u00dfem Teller\"\n   src=\"https:\/\/www.kaisergarten-deidesheim.com\/wp-content\/uploads\/2023\/09\/tagung-veranstaltung-event-ketschauer-hof-0067_Kochatelier_Detail-768x512.jpg\"\n    data-image=\"https:\/\/www.kaisergarten-deidesheim.com\/wp-content\/uploads\/2023\/09\/tagung-veranstaltung-event-ketschauer-hof-0067_Kochatelier_Detail-1024x682.jpg\"\n    data-title=\"Foodbild: Capresesalat auf wei\u00dfem Teller\"\n    data-description=\"@ Robert Dieth\">\n\n<img decoding=\"async\" alt=\" Pfalz\"\n   src=\"https:\/\/www.kaisergarten-deidesheim.com\/wp-content\/uploads\/2023\/09\/tagung-veranstaltung-event-ketschauer-hof-0046_Kochatelier-768x512.jpg\"\n    data-image=\"https:\/\/www.kaisergarten-deidesheim.com\/wp-content\/uploads\/2023\/09\/tagung-veranstaltung-event-ketschauer-hof-0046_Kochatelier-1024x682.jpg\"\n    data-title=\" Pfalz\"\n    data-description=\"@ Robert Dieth\">\n\n<img decoding=\"async\" alt=\" Pfalz\"\n   src=\"https:\/\/www.kaisergarten-deidesheim.com\/wp-content\/uploads\/2023\/09\/tagung-veranstaltung-event-ketschauer-hof-0038_Kochatelier-768x512.jpg\"\n    data-image=\"https:\/\/www.kaisergarten-deidesheim.com\/wp-content\/uploads\/2023\/09\/tagung-veranstaltung-event-ketschauer-hof-0038_Kochatelier-1024x682.jpg\"\n    data-title=\" Pfalz\"\n    data-description=\"@ Robert Dieth\">\n\n<img decoding=\"async\" alt=\" Pfalz\"\n   src=\"https:\/\/www.kaisergarten-deidesheim.com\/wp-content\/uploads\/2023\/09\/tagung-veranstaltung-event-ketschauer-hof-0030_Kochatelier-768x512.jpg\"\n    data-image=\"https:\/\/www.kaisergarten-deidesheim.com\/wp-content\/uploads\/2023\/09\/tagung-veranstaltung-event-ketschauer-hof-0030_Kochatelier-1024x682.jpg\"\n    data-title=\" Pfalz\"\n    data-description=\"@ Robert Dieth\">\n\n<img decoding=\"async\" alt=\" Pfalz\"\n   src=\"https:\/\/www.kaisergarten-deidesheim.com\/wp-content\/uploads\/2023\/09\/tagung-veranstaltung-event-ketschauer-hof-0028_Kochatelier-768x512.jpg\"\n    data-image=\"https:\/\/www.kaisergarten-deidesheim.com\/wp-content\/uploads\/2023\/09\/tagung-veranstaltung-event-ketschauer-hof-0028_Kochatelier-1024x682.jpg\"\n    data-title=\" Pfalz\"\n    data-description=\"@ Robert Dieth\">\n\n<img decoding=\"async\" alt=\" Pfalz\"\n   src=\"https:\/\/www.kaisergarten-deidesheim.com\/wp-content\/uploads\/2023\/09\/tagung-veranstaltung-event-ketschauer-hof-0022_Kochatelier-768x512.jpg\"\n    data-image=\"https:\/\/www.kaisergarten-deidesheim.com\/wp-content\/uploads\/2023\/09\/tagung-veranstaltung-event-ketschauer-hof-0022_Kochatelier-1024x682.jpg\"\n    data-title=\" Pfalz\"\n    data-description=\"@ Robert Dieth\">\n\n<img decoding=\"async\" alt=\" Pfalz\"\n   src=\"https:\/\/www.kaisergarten-deidesheim.com\/wp-content\/uploads\/2023\/09\/tagung-veranstaltung-event-ketschauer-hof-0014_Kochatelier_Lounge-768x512.jpg\"\n    data-image=\"https:\/\/www.kaisergarten-deidesheim.com\/wp-content\/uploads\/2023\/09\/tagung-veranstaltung-event-ketschauer-hof-0014_Kochatelier_Lounge-1024x682.jpg\"\n    data-title=\" Pfalz\"\n    data-description=\"@ Robert Dieth\">\n\n<img decoding=\"async\" alt=\" Pfalz\"\n   src=\"https:\/\/www.kaisergarten-deidesheim.com\/wp-content\/uploads\/2023\/09\/tagung-veranstaltung-event-ketschauer-hof-9760_Wohnzimmer-768x512.jpg\"\n    data-image=\"https:\/\/www.kaisergarten-deidesheim.com\/wp-content\/uploads\/2023\/09\/tagung-veranstaltung-event-ketschauer-hof-9760_Wohnzimmer-1024x682.jpg\"\n    data-title=\" Pfalz\"\n    data-description=\"@ Robert Dieth\">\n\n<img decoding=\"async\" alt=\" Pfalz\"\n   src=\"https:\/\/www.kaisergarten-deidesheim.com\/wp-content\/uploads\/2023\/09\/tagung-veranstaltung-event-ketschauer-hof-9742_Wohnzimmer-768x512.jpg\"\n    data-image=\"https:\/\/www.kaisergarten-deidesheim.com\/wp-content\/uploads\/2023\/09\/tagung-veranstaltung-event-ketschauer-hof-9742_Wohnzimmer-1024x682.jpg\"\n    data-title=\" Pfalz\"\n    data-description=\"@ Robert Dieth\">\n\n<img decoding=\"async\" alt=\" Pfalz\"\n   src=\"https:\/\/www.kaisergarten-deidesheim.com\/wp-content\/uploads\/2023\/09\/tagung-veranstaltung-event-ketschauer-hof-9728_Wohnzimmer-1-768x512.jpg\"\n    data-image=\"https:\/\/www.kaisergarten-deidesheim.com\/wp-content\/uploads\/2023\/09\/tagung-veranstaltung-event-ketschauer-hof-9728_Wohnzimmer-1-1024x682.jpg\"\n    data-title=\" Pfalz\"\n    data-description=\"@ Robert Dieth\">\n\n<img decoding=\"async\" alt=\" Pfalz\"\n   src=\"https:\/\/www.kaisergarten-deidesheim.com\/wp-content\/uploads\/2023\/09\/tagung-veranstaltung-event-ketschauer-hof-9733_Wohnzimmer-768x512.jpg\"\n    data-image=\"https:\/\/www.kaisergarten-deidesheim.com\/wp-content\/uploads\/2023\/09\/tagung-veranstaltung-event-ketschauer-hof-9733_Wohnzimmer-1024x682.jpg\"\n    data-title=\" Pfalz\"\n    data-description=\"@ Robert Dieth\">\n\n<img decoding=\"async\" alt=\" Pfalz\"\n   src=\"https:\/\/www.kaisergarten-deidesheim.com\/wp-content\/uploads\/2023\/12\/Ketschauer-Hof_2744_Bassermann_Suite-768x512.jpg\"\n    data-image=\"https:\/\/www.kaisergarten-deidesheim.com\/wp-content\/uploads\/2023\/12\/Ketschauer-Hof_2744_Bassermann_Suite-1024x682.jpg\"\n    data-title=\" Pfalz\"\n    data-description=\"@ Robert Dieth\">\n\n<img decoding=\"async\" alt=\"Historischer Fasskeller &quot;Cave 1822&quot; im Anwesen Ketschauer Hof\"\n   src=\"https:\/\/www.kaisergarten-deidesheim.com\/wp-content\/uploads\/2023\/12\/Ketschauer-Hof_3139_Cave_1822-768x512.jpg\"\n    data-image=\"https:\/\/www.kaisergarten-deidesheim.com\/wp-content\/uploads\/2023\/12\/Ketschauer-Hof_3139_Cave_1822-1024x682.jpg\"\n    data-title=\"Historischer Fasskeller &quot;Cave 1822&quot; im Anwesen Ketschauer Hof\"\n    data-description=\"@ Robert Dieth\">\n\n<img decoding=\"async\" alt=\"Historischer Fasskeller &quot;Cave 1822&quot; im Anwesen Ketschauer Hof\"\n   src=\"https:\/\/www.kaisergarten-deidesheim.com\/wp-content\/uploads\/2023\/12\/Ketschauer-Hof_3135_Cave_1822-768x512.jpg\"\n    data-image=\"https:\/\/www.kaisergarten-deidesheim.com\/wp-content\/uploads\/2023\/12\/Ketschauer-Hof_3135_Cave_1822-1024x682.jpg\"\n    data-title=\"Historischer Fasskeller &quot;Cave 1822&quot; im Anwesen Ketschauer Hof\"\n    data-description=\"@ Robert Dieth\">\n\n<img decoding=\"async\" alt=\" Pfalz\"\n   src=\"https:\/\/www.kaisergarten-deidesheim.com\/wp-content\/uploads\/2023\/12\/20231026_KAI_2788_Riva-768x512.jpg\"\n    data-image=\"https:\/\/www.kaisergarten-deidesheim.com\/wp-content\/uploads\/2023\/12\/20231026_KAI_2788_Riva-1024x682.jpg\"\n    data-title=\" Pfalz\"\n    data-description=\"@ Robert Dieth\">\n\n<img decoding=\"async\" alt=\"S\u00e9par\u00e9e im Gr\u00fcnen - R\u00fcckzugsm\u00f6glichkeiten vor der Mooswand  im Restaurant RIVA\"\n   src=\"https:\/\/www.kaisergarten-deidesheim.com\/wp-content\/uploads\/2023\/12\/Restaurant-RIVA_C6A2485-quer-768x576.jpg\"\n    data-image=\"https:\/\/www.kaisergarten-deidesheim.com\/wp-content\/uploads\/2023\/12\/Restaurant-RIVA_C6A2485-quer-1024x767.jpg\"\n    data-title=\"S\u00e9par\u00e9e im Gr\u00fcnen - R\u00fcckzugsm\u00f6glichkeiten vor der Mooswand  im Restaurant RIVA\"\n    data-description=\"@captured.by.cp \/\/ Charlotte Pfeiffer\">\n\n<img decoding=\"async\" alt=\" Pfalz\"\n   src=\"https:\/\/www.kaisergarten-deidesheim.com\/wp-content\/uploads\/2023\/12\/20231026_KAI_2801_Riva_gruener-Raum-768x512.jpg\"\n    data-image=\"https:\/\/www.kaisergarten-deidesheim.com\/wp-content\/uploads\/2023\/12\/20231026_KAI_2801_Riva_gruener-Raum-1024x682.jpg\"\n    data-title=\" Pfalz\"\n    data-description=\"@ Robert Dieth\">\n\n  \n<\/div>\n<!-- end Compact Gallery -->\t\t\t\t<\/div>\n\t\t\t\t<\/div>\n\t\t\t\t\t<\/div>\n\t\t\t\t<\/div>\n\t\t\t\t<\/div>\n\t\t","protected":false},"excerpt":{"rendered":"<p>Conference | Celebration | Events<\/p>\n","protected":false},"author":4,"featured_media":0,"parent":10965,"menu_order":50,"comment_status":"closed","ping_status":"closed","template":"","meta":{"_acf_changed":false,"footnotes":"","_links_to":"","_links_to_target":""},"class_list":["post-10981","page","type-page","status-publish","hentry"],"acf":[],"_links":{"self":[{"href":"https:\/\/www.kaisergarten-deidesheim.com\/en\/wp-json\/wp\/v2\/pages\/10981","targetHints":{"allow":["GET"]}}],"collection":[{"href":"https:\/\/www.kaisergarten-deidesheim.com\/en\/wp-json\/wp\/v2\/pages"}],"about":[{"href":"https:\/\/www.kaisergarten-deidesheim.com\/en\/wp-json\/wp\/v2\/types\/page"}],"author":[{"embeddable":true,"href":"https:\/\/www.kaisergarten-deidesheim.com\/en\/wp-json\/wp\/v2\/users\/4"}],"replies":[{"embeddable":true,"href":"https:\/\/www.kaisergarten-deidesheim.com\/en\/wp-json\/wp\/v2\/comments?post=10981"}],"version-history":[{"count":0,"href":"https:\/\/www.kaisergarten-deidesheim.com\/en\/wp-json\/wp\/v2\/pages\/10981\/revisions"}],"up":[{"embeddable":true,"href":"https:\/\/www.kaisergarten-deidesheim.com\/en\/wp-json\/wp\/v2\/pages\/10965"}],"wp:attachment":[{"href":"https:\/\/www.kaisergarten-deidesheim.com\/en\/wp-json\/wp\/v2\/media?parent=10981"}],"curies":[{"name":"wp","href":"https:\/\/api.w.org\/{rel}","templated":true}]}}