{"id":10978,"date":"2023-12-06T10:07:42","date_gmt":"2023-12-06T09:07:42","guid":{"rendered":"https:\/\/www.kaisergarten-deidesheim.com\/conference-celebration-events\/rooms\/separee-in-the-green\/"},"modified":"2024-03-27T16:00:43","modified_gmt":"2024-03-27T15:00:43","slug":"separee-in-the-green","status":"publish","type":"page","link":"https:\/\/www.kaisergarten-deidesheim.com\/en\/conference-celebration-events\/rooms\/separee-in-the-green\/","title":{"rendered":"S\u00e9par\u00e9e in the green"},"content":{"rendered":"\t\t<div data-elementor-type=\"wp-page\" data-elementor-id=\"10978\" class=\"elementor elementor-10978 elementor-8651\" data-elementor-post-type=\"page\">\n\t\t\t\t<div class=\"elementor-element elementor-element-a8e7ff2 e-flex e-con-boxed e-con e-parent\" data-id=\"a8e7ff2\" data-element_type=\"container\" data-e-type=\"container\">\n\t\t\t\t\t<div class=\"e-con-inner\">\n\t\t<div class=\"elementor-element elementor-element-c8325fc e-con-full animated-slow e-flex elementor-invisible e-con e-child\" data-id=\"c8325fc\" data-element_type=\"container\" data-e-type=\"container\" data-settings=\"{&quot;animation&quot;:&quot;fadeInUp&quot;}\">\n\t\t\t\t<div class=\"elementor-element elementor-element-fc67693 elementor-widget elementor-widget-shortcode\" data-id=\"fc67693\" data-element_type=\"widget\" data-e-type=\"widget\" data-widget_type=\"shortcode.default\">\n\t\t\t\t\t\t\t<div class=\"elementor-shortcode\"><nav aria-label=\"breadcrumbs\" class=\"rank-math-breadcrumb\"><p><span class=\"last\">Home<\/span><\/p><\/nav><\/div>\n\t\t\t\t\t\t<\/div>\n\t\t\t\t<\/div>\n\t\t\t\t\t<\/div>\n\t\t\t\t<\/div>\n\t\t<div class=\"elementor-element elementor-element-0b823df e-flex e-con-boxed e-con e-parent\" data-id=\"0b823df\" data-element_type=\"container\" data-e-type=\"container\">\n\t\t\t\t\t<div class=\"e-con-inner\">\n\t\t<div class=\"elementor-element elementor-element-74e0f8e e-con-full animated-slow e-flex elementor-invisible e-con e-child\" data-id=\"74e0f8e\" data-element_type=\"container\" data-e-type=\"container\" data-settings=\"{&quot;animation&quot;:&quot;fadeInUp&quot;}\">\n\t\t\t\t<div class=\"elementor-element elementor-element-e802931 elementor-widget-divider--view-line elementor-widget elementor-widget-divider\" data-id=\"e802931\" data-element_type=\"widget\" data-e-type=\"widget\" data-widget_type=\"divider.default\">\n\t\t\t\t\t\t\t<div class=\"elementor-divider\">\n\t\t\t<span class=\"elementor-divider-separator\">\n\t\t\t\t\t\t<\/span>\n\t\t<\/div>\n\t\t\t\t\t\t<\/div>\n\t\t<div class=\"elementor-element elementor-element-57696b8 e-flex e-con-boxed e-con e-child\" data-id=\"57696b8\" data-element_type=\"container\" data-e-type=\"container\">\n\t\t\t\t\t<div class=\"e-con-inner\">\n\t\t\t\t<div class=\"elementor-element elementor-element-fb75600 elementor-widget elementor-widget-text-editor\" data-id=\"fb75600\" data-element_type=\"widget\" data-e-type=\"widget\" data-widget_type=\"text-editor.default\">\n\t\t\t\t\t\t\t\t\t<p><strong>Special features<\/strong><\/p>\n<ul>\n<li>Part of the RIVA restaurant and yet separate, so that celebrations can be held in private seclusion<\/li>\n<li>Bright, light-flooded room with glass front to the Mediterranean outdoor terrace<\/li>\n<li>Warm-looking wooden floor<\/li>\n<li>Last but not least, the highlight: the natural moss wall, which makes guests feel as if they are surrounded by greenery<\/li>\n<\/ul>\n\t\t\t\t\t\t\t\t<\/div>\n\t\t\t\t\t<\/div>\n\t\t\t\t<\/div>\n\t\t<div class=\"elementor-element elementor-element-dec402b e-flex e-con-boxed e-con e-child\" data-id=\"dec402b\" data-element_type=\"container\" data-e-type=\"container\">\n\t\t\t\t\t<div class=\"e-con-inner\">\n\t\t\t\t<div class=\"elementor-element elementor-element-a751d80 elementor-widget elementor-widget-heading\" data-id=\"a751d80\" data-element_type=\"widget\" data-e-type=\"widget\" data-widget_type=\"heading.default\">\n\t\t\t\t\t<h2 class=\"elementor-heading-title elementor-size-default\">max. 46 persons<\/h2>\t\t\t\t<\/div>\n\t\t\t\t<div class=\"elementor-element elementor-element-4b9ac46 elementor-widget elementor-widget-heading\" data-id=\"4b9ac46\" data-element_type=\"widget\" data-e-type=\"widget\" data-widget_type=\"heading.default\">\n\t\t\t\t\t<h3 class=\"elementor-heading-title elementor-size-default\">Seats<\/h3>\t\t\t\t<\/div>\n\t\t\t\t\t<\/div>\n\t\t\t\t<\/div>\n\t\t\t\t<\/div>\n\t\t<div class=\"elementor-element elementor-element-862080e e-con-full animated-slow bestuhlungsvarianten e-flex elementor-invisible e-con e-child\" data-id=\"862080e\" data-element_type=\"container\" data-e-type=\"container\" data-settings=\"{&quot;animation&quot;:&quot;fadeInUp&quot;}\">\n\t\t\t\t<\/div>\n\t\t\t\t\t<\/div>\n\t\t\t\t<\/div>\n\t\t<div class=\"elementor-element elementor-element-75c3ae3 animated-slow e-flex e-con-boxed elementor-invisible e-con e-parent\" data-id=\"75c3ae3\" data-element_type=\"container\" data-e-type=\"container\" data-settings=\"{&quot;animation&quot;:&quot;fadeInUp&quot;}\">\n\t\t\t\t\t<div class=\"e-con-inner\">\n\t\t\t\t<div class=\"elementor-element elementor-element-d37230b elementor-widget elementor-widget-ucaddon_uc_compact_image_theme\" data-id=\"d37230b\" data-element_type=\"widget\" data-e-type=\"widget\" data-widget_type=\"ucaddon_uc_compact_image_theme.default\">\n\t\t\t\t<div class=\"elementor-widget-container\">\n\t\t\t\t\t\n<!-- start Compact Gallery -->\n\t\t<link id='unitegallery-css' href='https:\/\/www.kaisergarten-deidesheim.com\/wp-content\/plugins\/unlimited-elements-for-elementor\/assets_libraries\/unitegallery\/css\/unite-gallery.css' type='text\/css' rel='stylesheet' >\n\n\n<div id=\"uc_uc_compact_image_theme_elementor_d37230b\" class=\"uc-items-wrapper  \" style=\"display:none; margin:0 auto;\"  data-remote-type=\"gallery\" data-custom-sethtml=\"true\" >\n\n\n<img decoding=\"async\" alt=\" Pfalz\"\n   src=\"https:\/\/www.kaisergarten-deidesheim.com\/wp-content\/uploads\/2023\/12\/20231026_KAI_2788_Riva-768x512.jpg\"\n    data-image=\"https:\/\/www.kaisergarten-deidesheim.com\/wp-content\/uploads\/2023\/12\/20231026_KAI_2788_Riva-1024x682.jpg\"\n    data-title=\" Pfalz\"\n    data-description=\"@ Robert Dieth\">\n\n<img decoding=\"async\" alt=\"S\u00e9par\u00e9e im Gr\u00fcnen - R\u00fcckzugsm\u00f6glichkeiten vor der Mooswand  im Restaurant RIVA\"\n   src=\"https:\/\/www.kaisergarten-deidesheim.com\/wp-content\/uploads\/2023\/12\/Restaurant-RIVA_C6A2485-quer-768x576.jpg\"\n    data-image=\"https:\/\/www.kaisergarten-deidesheim.com\/wp-content\/uploads\/2023\/12\/Restaurant-RIVA_C6A2485-quer-1024x767.jpg\"\n    data-title=\"S\u00e9par\u00e9e im Gr\u00fcnen - R\u00fcckzugsm\u00f6glichkeiten vor der Mooswand  im Restaurant RIVA\"\n    data-description=\"@captured.by.cp \/\/ Charlotte Pfeiffer\">\n\n<img decoding=\"async\" alt=\" Pfalz\"\n   src=\"https:\/\/www.kaisergarten-deidesheim.com\/wp-content\/uploads\/2023\/12\/20231026_KAI_2801_Riva_gruener-Raum-768x512.jpg\"\n    data-image=\"https:\/\/www.kaisergarten-deidesheim.com\/wp-content\/uploads\/2023\/12\/20231026_KAI_2801_Riva_gruener-Raum-1024x682.jpg\"\n    data-title=\" Pfalz\"\n    data-description=\"@ Robert Dieth\">\n\n  \n<\/div>\n<!-- end Compact Gallery -->\t\t\t\t<\/div>\n\t\t\t\t<\/div>\n\t\t\t\t\t<\/div>\n\t\t\t\t<\/div>\n\t\t<div class=\"elementor-element elementor-element-ee7bd28 animated-slow e-flex e-con-boxed elementor-invisible e-con e-parent\" data-id=\"ee7bd28\" data-element_type=\"container\" data-e-type=\"container\" data-settings=\"{&quot;animation&quot;:&quot;fadeInUp&quot;}\">\n\t\t\t\t\t<div class=\"e-con-inner\">\n\t\t\t\t<div class=\"elementor-element elementor-element-7e35e69 btn-back elementor-widget elementor-widget-button\" data-id=\"7e35e69\" data-element_type=\"widget\" data-e-type=\"widget\" data-widget_type=\"button.default\">\n\t\t\t\t\t\t\t\t\t\t<a class=\"elementor-button elementor-button-link elementor-size-xs\" href=\"#\">\n\t\t\t\t\t\t<span class=\"elementor-button-content-wrapper\">\n\t\t\t\t\t\t\t\t\t<span class=\"elementor-button-text\">back<\/span>\n\t\t\t\t\t<\/span>\n\t\t\t\t\t<\/a>\n\t\t\t\t\t\t\t\t<\/div>\n\t\t\t\t\t<\/div>\n\t\t\t\t<\/div>\n\t\t\t\t<\/div>\n\t\t","protected":false},"excerpt":{"rendered":"<p>Special features Part of the RIVA restaurant and yet separate, so that celebrations can be held in private seclusion Bright, light-flooded room with glass front to the Mediterranean outdoor terrace Warm-looking wooden floor Last but not least, the highlight: the natural moss wall, which makes guests feel as if they are surrounded by greenery max. [&hellip;]<\/p>\n","protected":false},"author":4,"featured_media":0,"parent":10973,"menu_order":40,"comment_status":"closed","ping_status":"closed","template":"","meta":{"_acf_changed":false,"footnotes":"","_links_to":"","_links_to_target":""},"class_list":["post-10978","page","type-page","status-publish","hentry"],"acf":[],"_links":{"self":[{"href":"https:\/\/www.kaisergarten-deidesheim.com\/en\/wp-json\/wp\/v2\/pages\/10978","targetHints":{"allow":["GET"]}}],"collection":[{"href":"https:\/\/www.kaisergarten-deidesheim.com\/en\/wp-json\/wp\/v2\/pages"}],"about":[{"href":"https:\/\/www.kaisergarten-deidesheim.com\/en\/wp-json\/wp\/v2\/types\/page"}],"author":[{"embeddable":true,"href":"https:\/\/www.kaisergarten-deidesheim.com\/en\/wp-json\/wp\/v2\/users\/4"}],"replies":[{"embeddable":true,"href":"https:\/\/www.kaisergarten-deidesheim.com\/en\/wp-json\/wp\/v2\/comments?post=10978"}],"version-history":[{"count":0,"href":"https:\/\/www.kaisergarten-deidesheim.com\/en\/wp-json\/wp\/v2\/pages\/10978\/revisions"}],"up":[{"embeddable":true,"href":"https:\/\/www.kaisergarten-deidesheim.com\/en\/wp-json\/wp\/v2\/pages\/10973"}],"wp:attachment":[{"href":"https:\/\/www.kaisergarten-deidesheim.com\/en\/wp-json\/wp\/v2\/media?parent=10978"}],"curies":[{"name":"wp","href":"https:\/\/api.w.org\/{rel}","templated":true}]}}