{"id":10973,"date":"2023-07-11T14:27:22","date_gmt":"2023-07-11T12:27:22","guid":{"rendered":"https:\/\/www.kaisergarten-deidesheim.com\/conference-celebration-events\/rooms\/"},"modified":"2025-06-04T16:17:50","modified_gmt":"2025-06-04T14:17:50","slug":"rooms","status":"publish","type":"page","link":"https:\/\/www.kaisergarten-deidesheim.com\/en\/conference-celebration-events\/rooms\/","title":{"rendered":"Rooms"},"content":{"rendered":"\t\t<div data-elementor-type=\"wp-page\" data-elementor-id=\"10973\" class=\"elementor elementor-10973 elementor-1733\" data-elementor-post-type=\"page\">\n\t\t\t\t<div class=\"elementor-element elementor-element-c6c804b e-flex e-con-boxed e-con e-parent\" data-id=\"c6c804b\" data-element_type=\"container\" data-e-type=\"container\">\n\t\t\t\t\t<div class=\"e-con-inner\">\n\t\t<div class=\"elementor-element elementor-element-d3efa54 e-con-full animated-slow e-flex elementor-invisible e-con e-child\" data-id=\"d3efa54\" data-element_type=\"container\" data-e-type=\"container\" data-settings=\"{&quot;animation&quot;:&quot;fadeInUp&quot;}\">\n\t\t\t\t<div class=\"elementor-element elementor-element-183a4e1 elementor-widget elementor-widget-shortcode\" data-id=\"183a4e1\" data-element_type=\"widget\" data-e-type=\"widget\" data-widget_type=\"shortcode.default\">\n\t\t\t\t\t\t\t<div class=\"elementor-shortcode\"><nav aria-label=\"breadcrumbs\" class=\"rank-math-breadcrumb\"><p><span class=\"last\">Home<\/span><\/p><\/nav><\/div>\n\t\t\t\t\t\t<\/div>\n\t\t\t\t<\/div>\n\t\t\t\t\t<\/div>\n\t\t\t\t<\/div>\n\t\t<div class=\"elementor-element elementor-element-82ab024 e-flex e-con-boxed e-con e-parent\" data-id=\"82ab024\" data-element_type=\"container\" data-e-type=\"container\">\n\t\t\t\t\t<div class=\"e-con-inner\">\n\t\t<div class=\"elementor-element elementor-element-d49adbd animated-slow e-flex e-con-boxed elementor-invisible e-con e-child\" data-id=\"d49adbd\" data-element_type=\"container\" data-e-type=\"container\" data-settings=\"{&quot;animation&quot;:&quot;fadeInUp&quot;}\">\n\t\t\t\t\t<div class=\"e-con-inner\">\n\t\t\t\t<div class=\"elementor-element elementor-element-00caf60 elementor-widget-divider--view-line elementor-widget elementor-widget-divider\" data-id=\"00caf60\" data-element_type=\"widget\" data-e-type=\"widget\" data-widget_type=\"divider.default\">\n\t\t\t\t\t\t\t<div class=\"elementor-divider\">\n\t\t\t<span class=\"elementor-divider-separator\">\n\t\t\t\t\t\t<\/span>\n\t\t<\/div>\n\t\t\t\t\t\t<\/div>\n\t\t\t\t<div class=\"elementor-element elementor-element-e570590 elementor-widget elementor-widget-text-editor\" data-id=\"e570590\" data-element_type=\"widget\" data-e-type=\"widget\" data-widget_type=\"text-editor.default\">\n\t\t\t\t\t\t\t\t\t<p>Space for every occasion and every event<\/p><p>With our two hotels Kaisergarten and Ketschauer Hof, we are broadly positioned<br>and can offer the right venue for every occasion.<\/p><p>As your <a href=\"https:\/\/www.kaisergarten-deidesheim.com\/en\/conference-celebration-events\/your-conference-2\/\">conference hotel in the Palatinate<\/a>, we offer you event rooms in the Kaisergarten and the Ketschauer Hof.<\/p><p>Our &#8220;S\u00e9par\u00e9e im Gr\u00fcnen&#8221; is popular for private celebrations, such as weddings. This room is part of the RIVA restaurant, but is charmingly separated from the restaurant.<\/p>\t\t\t\t\t\t\t\t<\/div>\n\t\t\t\t\t<\/div>\n\t\t\t\t<\/div>\n\t\t\t\t\t<\/div>\n\t\t\t\t<\/div>\n\t\t<div class=\"elementor-element elementor-element-79586f90 bg-gradient-gold60-white40 e-flex e-con-boxed e-con e-parent\" data-id=\"79586f90\" data-element_type=\"container\" data-e-type=\"container\">\n\t\t\t\t\t<div class=\"e-con-inner\">\n\t\t<div class=\"elementor-element elementor-element-3d1db407 e-con-full animated-slow e-flex elementor-invisible e-con e-child\" data-id=\"3d1db407\" data-element_type=\"container\" data-e-type=\"container\" data-settings=\"{&quot;animation&quot;:&quot;fadeInUp&quot;}\">\n\t\t\t\t<div class=\"elementor-element elementor-element-15a465c1 elementor-widget elementor-widget-heading\" data-id=\"15a465c1\" data-element_type=\"widget\" data-e-type=\"widget\" data-widget_type=\"heading.default\">\n\t\t\t\t\t<h2 class=\"elementor-heading-title elementor-size-default\"><a href=\"https:\/\/www.kaisergarten-deidesheim.com\/en\/conference-celebration-events\/rooms\/kaiserblick\/\">Kaiserblick<\/a><\/h2>\t\t\t\t<\/div>\n\t\t\t\t<div class=\"elementor-element elementor-element-4af2f64c elementor-widget-divider--view-line elementor-widget elementor-widget-divider\" data-id=\"4af2f64c\" data-element_type=\"widget\" data-e-type=\"widget\" data-widget_type=\"divider.default\">\n\t\t\t\t\t\t\t<div class=\"elementor-divider\">\n\t\t\t<span class=\"elementor-divider-separator\">\n\t\t\t\t\t\t<\/span>\n\t\t<\/div>\n\t\t\t\t\t\t<\/div>\n\t\t\t\t<div class=\"elementor-element elementor-element-1ad512db elementor-widget elementor-widget-text-editor\" data-id=\"1ad512db\" data-element_type=\"widget\" data-e-type=\"widget\" data-widget_type=\"text-editor.default\">\n\t\t\t\t\t\t\t\t\t<p>With over 200 m\u00b2 of space, the Kaiserblick is the largest event room in the hotel.<\/p><p>If required, it can be divided exactly in the middle using a soundproof partition wall. The Kaiserblick 1 and 2 rooms each have separate entrances.<\/p><p>The three-sided surrounding terrace with glass balustrade offers a gigantic panorama of Deidesheim and the surrounding vineyards.<\/p>\t\t\t\t\t\t\t\t<\/div>\n\t\t\t\t<div class=\"elementor-element elementor-element-1166eb4 elementor-align-left elementor-mobile-align-center elementor-widget elementor-widget-button\" data-id=\"1166eb4\" data-element_type=\"widget\" data-e-type=\"widget\" data-widget_type=\"button.default\">\n\t\t\t\t\t\t\t\t\t\t<a class=\"elementor-button elementor-button-link elementor-size-md\" href=\"https:\/\/www.kaisergarten-deidesheim.com\/en\/conference-celebration-events\/rooms\/kaiserblick\/\">\n\t\t\t\t\t\t<span class=\"elementor-button-content-wrapper\">\n\t\t\t\t\t\t\t\t\t<span class=\"elementor-button-text\">Details<\/span>\n\t\t\t\t\t<\/span>\n\t\t\t\t\t<\/a>\n\t\t\t\t\t\t\t\t<\/div>\n\t\t\t\t<\/div>\n\t\t<div class=\"elementor-element elementor-element-27bfbb07 e-con-full animated-slow e-flex elementor-invisible e-con e-child\" data-id=\"27bfbb07\" data-element_type=\"container\" data-e-type=\"container\" data-settings=\"{&quot;animation&quot;:&quot;fadeInUp&quot;}\">\n\t\t\t\t<div class=\"elementor-element elementor-element-46ab06cb overflow-hidden elementor-widget elementor-widget-image\" data-id=\"46ab06cb\" data-element_type=\"widget\" data-e-type=\"widget\" data-widget_type=\"image.default\">\n\t\t\t\t\t\t\t\t\t\t\t\t\t\t\t\t<a href=\"https:\/\/www.kaisergarten-deidesheim.com\/en\/conference-celebration-events\/rooms\/kaiserblick\/\">\n\t\t\t\t\t\t\t<img fetchpriority=\"high\" decoding=\"async\" width=\"2000\" height=\"1333\" src=\"https:\/\/www.kaisergarten-deidesheim.com\/wp-content\/uploads\/2023\/09\/tagung-veranstaltung-event-9196-Kaiserblick.jpg\" class=\"elementor-animation-grow attachment-full size-full wp-image-9800\" alt=\"Largest event room &quot;Kaiserblick I and II&quot; connected with each other in the seminar hotel Kaisergarten Deidesheim\/Pfalz. Parliamentary seating for 96 people.\" srcset=\"https:\/\/www.kaisergarten-deidesheim.com\/wp-content\/uploads\/2023\/09\/tagung-veranstaltung-event-9196-Kaiserblick.jpg 2000w, https:\/\/www.kaisergarten-deidesheim.com\/wp-content\/uploads\/2023\/09\/tagung-veranstaltung-event-9196-Kaiserblick-300x200.jpg 300w, https:\/\/www.kaisergarten-deidesheim.com\/wp-content\/uploads\/2023\/09\/tagung-veranstaltung-event-9196-Kaiserblick-1024x682.jpg 1024w, https:\/\/www.kaisergarten-deidesheim.com\/wp-content\/uploads\/2023\/09\/tagung-veranstaltung-event-9196-Kaiserblick-768x512.jpg 768w, https:\/\/www.kaisergarten-deidesheim.com\/wp-content\/uploads\/2023\/09\/tagung-veranstaltung-event-9196-Kaiserblick-1536x1024.jpg 1536w\" sizes=\"(max-width: 2000px) 100vw, 2000px\" \/>\t\t\t\t\t\t\t\t<\/a>\n\t\t\t\t\t\t\t\t\t\t\t\t\t\t\t<\/div>\n\t\t\t\t<\/div>\n\t\t\t\t\t<\/div>\n\t\t\t\t<\/div>\n\t\t<div class=\"elementor-element elementor-element-4ee887a bg-gradient-white40-gold60 e-flex e-con-boxed e-con e-parent\" data-id=\"4ee887a\" data-element_type=\"container\" data-e-type=\"container\">\n\t\t\t\t\t<div class=\"e-con-inner\">\n\t\t<div class=\"elementor-element elementor-element-0e69b81 e-con-full animated-slow e-flex elementor-invisible e-con e-child\" data-id=\"0e69b81\" data-element_type=\"container\" data-e-type=\"container\" data-settings=\"{&quot;animation&quot;:&quot;fadeInUp&quot;}\">\n\t\t\t\t<div class=\"elementor-element elementor-element-7f73dec overflow-hidden elementor-widget elementor-widget-image\" data-id=\"7f73dec\" data-element_type=\"widget\" data-e-type=\"widget\" data-widget_type=\"image.default\">\n\t\t\t\t\t\t\t\t\t\t\t\t\t\t\t\t<a href=\"https:\/\/www.kaisergarten-deidesheim.com\/en\/conference-celebration-events\/rooms\/boardrooms\/\">\n\t\t\t\t\t\t\t<img decoding=\"async\" width=\"2000\" height=\"1333\" src=\"https:\/\/www.kaisergarten-deidesheim.com\/wp-content\/uploads\/2023\/09\/tagung-veranstaltung-event-boardrooms-9310-Paradiesgarten.jpg\" class=\"elementor-animation-grow attachment-full size-full wp-image-9816\" alt=\"Boardroom \u201cParadiesgarten\u201d for max. 22 persons in the seminar hotel Kaisergarten Deidesheim\/ Palatinate\" srcset=\"https:\/\/www.kaisergarten-deidesheim.com\/wp-content\/uploads\/2023\/09\/tagung-veranstaltung-event-boardrooms-9310-Paradiesgarten.jpg 2000w, https:\/\/www.kaisergarten-deidesheim.com\/wp-content\/uploads\/2023\/09\/tagung-veranstaltung-event-boardrooms-9310-Paradiesgarten-300x200.jpg 300w, https:\/\/www.kaisergarten-deidesheim.com\/wp-content\/uploads\/2023\/09\/tagung-veranstaltung-event-boardrooms-9310-Paradiesgarten-1024x682.jpg 1024w, https:\/\/www.kaisergarten-deidesheim.com\/wp-content\/uploads\/2023\/09\/tagung-veranstaltung-event-boardrooms-9310-Paradiesgarten-768x512.jpg 768w, https:\/\/www.kaisergarten-deidesheim.com\/wp-content\/uploads\/2023\/09\/tagung-veranstaltung-event-boardrooms-9310-Paradiesgarten-1536x1024.jpg 1536w\" sizes=\"(max-width: 2000px) 100vw, 2000px\" \/>\t\t\t\t\t\t\t\t<\/a>\n\t\t\t\t\t\t\t\t\t\t\t\t\t\t\t<\/div>\n\t\t\t\t<\/div>\n\t\t<div class=\"elementor-element elementor-element-29205ba e-con-full animated-slow e-flex elementor-invisible e-con e-child\" data-id=\"29205ba\" data-element_type=\"container\" data-e-type=\"container\" data-settings=\"{&quot;animation&quot;:&quot;fadeInUp&quot;}\">\n\t\t\t\t<div class=\"elementor-element elementor-element-17c5cae elementor-widget elementor-widget-heading\" data-id=\"17c5cae\" data-element_type=\"widget\" data-e-type=\"widget\" data-widget_type=\"heading.default\">\n\t\t\t\t\t<h2 class=\"elementor-heading-title elementor-size-default\"><a href=\"https:\/\/www.kaisergarten-deidesheim.com\/en\/conference-celebration-events\/rooms\/boardrooms\/\">Boardrooms<\/a><\/h2>\t\t\t\t<\/div>\n\t\t\t\t<div class=\"elementor-element elementor-element-b9af63f elementor-widget-divider--view-line elementor-widget elementor-widget-divider\" data-id=\"b9af63f\" data-element_type=\"widget\" data-e-type=\"widget\" data-widget_type=\"divider.default\">\n\t\t\t\t\t\t\t<div class=\"elementor-divider\">\n\t\t\t<span class=\"elementor-divider-separator\">\n\t\t\t\t\t\t<\/span>\n\t\t<\/div>\n\t\t\t\t\t\t<\/div>\n\t\t\t\t<div class=\"elementor-element elementor-element-13127e7 elementor-widget elementor-widget-text-editor\" data-id=\"13127e7\" data-element_type=\"widget\" data-e-type=\"widget\" data-widget_type=\"text-editor.default\">\n\t\t\t\t\t\t\t\t\t<p>Our boardrooms are suitable for business events for small and medium-sized groups of between 8 and 22 people.<\/p>\t\t\t\t\t\t\t\t<\/div>\n\t\t\t\t<div class=\"elementor-element elementor-element-1544af7 elementor-align-left elementor-mobile-align-center elementor-widget elementor-widget-button\" data-id=\"1544af7\" data-element_type=\"widget\" data-e-type=\"widget\" data-widget_type=\"button.default\">\n\t\t\t\t\t\t\t\t\t\t<a class=\"elementor-button elementor-button-link elementor-size-md\" href=\"https:\/\/www.kaisergarten-deidesheim.com\/en\/conference-celebration-events\/rooms\/boardrooms\/\">\n\t\t\t\t\t\t<span class=\"elementor-button-content-wrapper\">\n\t\t\t\t\t\t\t\t\t<span class=\"elementor-button-text\">Details<\/span>\n\t\t\t\t\t<\/span>\n\t\t\t\t\t<\/a>\n\t\t\t\t\t\t\t\t<\/div>\n\t\t\t\t<\/div>\n\t\t\t\t\t<\/div>\n\t\t\t\t<\/div>\n\t\t<div class=\"elementor-element elementor-element-abec1fa bg-gradient-gold60-white40 e-flex e-con-boxed e-con e-parent\" data-id=\"abec1fa\" data-element_type=\"container\" data-e-type=\"container\">\n\t\t\t\t\t<div class=\"e-con-inner\">\n\t\t<div class=\"elementor-element elementor-element-0e3d51d e-con-full animated-slow e-flex elementor-invisible e-con e-child\" data-id=\"0e3d51d\" data-element_type=\"container\" data-e-type=\"container\" data-settings=\"{&quot;animation&quot;:&quot;fadeInUp&quot;}\">\n\t\t\t\t<div class=\"elementor-element elementor-element-3088232 elementor-widget elementor-widget-heading\" data-id=\"3088232\" data-element_type=\"widget\" data-e-type=\"widget\" data-widget_type=\"heading.default\">\n\t\t\t\t\t<h2 class=\"elementor-heading-title elementor-size-default\"><a href=\"https:\/\/www.kaisergarten-deidesheim.com\/en\/conference-celebration-events\/rooms\/separee-in-the-green\/\">S\u00e9par\u00e9e in the green<\/a><\/h2>\t\t\t\t<\/div>\n\t\t\t\t<div class=\"elementor-element elementor-element-8bc3116 elementor-widget-divider--view-line elementor-widget elementor-widget-divider\" data-id=\"8bc3116\" data-element_type=\"widget\" data-e-type=\"widget\" data-widget_type=\"divider.default\">\n\t\t\t\t\t\t\t<div class=\"elementor-divider\">\n\t\t\t<span class=\"elementor-divider-separator\">\n\t\t\t\t\t\t<\/span>\n\t\t<\/div>\n\t\t\t\t\t\t<\/div>\n\t\t\t\t<div class=\"elementor-element elementor-element-123dff5 elementor-widget elementor-widget-text-editor\" data-id=\"123dff5\" data-element_type=\"widget\" data-e-type=\"widget\" data-widget_type=\"text-editor.default\">\n\t\t\t\t\t\t\t\t\t<div id=\"c91\" class=\"frame frame-default frame-type-text frame-layout-0\"><p>Our &#8220;S\u00e9par\u00e9e im Gr\u00fcnen&#8221;, a separate area in the Riva restaurant, is ideal for weddings and other private celebrations.<\/p><\/div>\t\t\t\t\t\t\t\t<\/div>\n\t\t\t\t<div class=\"elementor-element elementor-element-5e6c018 elementor-align-left elementor-mobile-align-center elementor-widget elementor-widget-button\" data-id=\"5e6c018\" data-element_type=\"widget\" data-e-type=\"widget\" data-widget_type=\"button.default\">\n\t\t\t\t\t\t\t\t\t\t<a class=\"elementor-button elementor-button-link elementor-size-md\" href=\"https:\/\/www.kaisergarten-deidesheim.com\/en\/conference-celebration-events\/rooms\/separee-in-the-green\/\" target=\"_blank\">\n\t\t\t\t\t\t<span class=\"elementor-button-content-wrapper\">\n\t\t\t\t\t\t\t\t\t<span class=\"elementor-button-text\">Details<\/span>\n\t\t\t\t\t<\/span>\n\t\t\t\t\t<\/a>\n\t\t\t\t\t\t\t\t<\/div>\n\t\t\t\t<\/div>\n\t\t<div class=\"elementor-element elementor-element-9e99d3a e-con-full animated-slow e-flex elementor-invisible e-con e-child\" data-id=\"9e99d3a\" data-element_type=\"container\" data-e-type=\"container\" data-settings=\"{&quot;animation&quot;:&quot;fadeInUp&quot;}\">\n\t\t\t\t<div class=\"elementor-element elementor-element-3de0bdf overflow-hidden elementor-widget elementor-widget-image\" data-id=\"3de0bdf\" data-element_type=\"widget\" data-e-type=\"widget\" data-widget_type=\"image.default\">\n\t\t\t\t\t\t\t\t\t\t\t\t\t\t\t\t<a href=\"https:\/\/www.kaisergarten-deidesheim.com\/en\/conference-celebration-events\/rooms\/separee-in-the-green\/\">\n\t\t\t\t\t\t\t<img decoding=\"async\" width=\"2000\" height=\"1499\" src=\"https:\/\/www.kaisergarten-deidesheim.com\/wp-content\/uploads\/2023\/12\/Restaurant-RIVA_C6A2485-quer.jpg\" class=\"elementor-animation-grow attachment-full size-full wp-image-10186\" alt=\"S\u00e9par\u00e9e in the green, our retreat for small weddings, private parties and business events in our RIVA restaurant. In the green, because the tables stand in front of a special wall - a magnificent green real moss wall.\" srcset=\"https:\/\/www.kaisergarten-deidesheim.com\/wp-content\/uploads\/2023\/12\/Restaurant-RIVA_C6A2485-quer.jpg 2000w, https:\/\/www.kaisergarten-deidesheim.com\/wp-content\/uploads\/2023\/12\/Restaurant-RIVA_C6A2485-quer-300x225.jpg 300w, https:\/\/www.kaisergarten-deidesheim.com\/wp-content\/uploads\/2023\/12\/Restaurant-RIVA_C6A2485-quer-1024x767.jpg 1024w, https:\/\/www.kaisergarten-deidesheim.com\/wp-content\/uploads\/2023\/12\/Restaurant-RIVA_C6A2485-quer-768x576.jpg 768w, https:\/\/www.kaisergarten-deidesheim.com\/wp-content\/uploads\/2023\/12\/Restaurant-RIVA_C6A2485-quer-1536x1151.jpg 1536w\" sizes=\"(max-width: 2000px) 100vw, 2000px\" \/>\t\t\t\t\t\t\t\t<\/a>\n\t\t\t\t\t\t\t\t\t\t\t\t\t\t\t<\/div>\n\t\t\t\t<\/div>\n\t\t\t\t\t<\/div>\n\t\t\t\t<\/div>\n\t\t<div class=\"elementor-element elementor-element-27a9117 bg-gradient-gold40-white60 e-flex e-con-boxed e-con e-parent\" data-id=\"27a9117\" data-element_type=\"container\" data-e-type=\"container\">\n\t\t\t\t\t<div class=\"e-con-inner\">\n\t\t<div class=\"elementor-element elementor-element-afdfe80 e-con-full animated-slow e-flex elementor-invisible e-con e-child\" data-id=\"afdfe80\" data-element_type=\"container\" data-e-type=\"container\" data-settings=\"{&quot;animation&quot;:&quot;fadeInUp&quot;}\">\n\t\t\t\t<div class=\"elementor-element elementor-element-731c6df overflow-hidden elementor-widget elementor-widget-image\" data-id=\"731c6df\" data-element_type=\"widget\" data-e-type=\"widget\" data-widget_type=\"image.default\">\n\t\t\t\t\t\t\t\t\t\t\t\t\t\t\t\t<a href=\"https:\/\/www.ketschauer-hof.com\/tagung-veranstaltung-event\/raeumlichkeiten\/\" target=\"_blank\" rel=\"noopener\">\n\t\t\t\t\t\t\t<img loading=\"lazy\" decoding=\"async\" width=\"2000\" height=\"1333\" src=\"https:\/\/www.kaisergarten-deidesheim.com\/wp-content\/uploads\/2023\/09\/tagung-veranstaltung-event-ketschauer-hof-9728_Wohnzimmer.jpg\" class=\"elementor-animation-grow attachment-full size-full wp-image-9891\" alt=\"Living room at the Genussresort Ketschauer Hof in Deidesheim\/Pfalz. You can see a table for a medium-sized group of up to 12 people, behind it the adjoining open kitchen and a lounge area with a sofa and 4 comfortable armchairs. The room is located in the roof. The light gray painted beams give the room its own charm. Small celebrations\/meetings are held here.\" srcset=\"https:\/\/www.kaisergarten-deidesheim.com\/wp-content\/uploads\/2023\/09\/tagung-veranstaltung-event-ketschauer-hof-9728_Wohnzimmer.jpg 2000w, https:\/\/www.kaisergarten-deidesheim.com\/wp-content\/uploads\/2023\/09\/tagung-veranstaltung-event-ketschauer-hof-9728_Wohnzimmer-300x200.jpg 300w, https:\/\/www.kaisergarten-deidesheim.com\/wp-content\/uploads\/2023\/09\/tagung-veranstaltung-event-ketschauer-hof-9728_Wohnzimmer-1024x682.jpg 1024w, https:\/\/www.kaisergarten-deidesheim.com\/wp-content\/uploads\/2023\/09\/tagung-veranstaltung-event-ketschauer-hof-9728_Wohnzimmer-768x512.jpg 768w, https:\/\/www.kaisergarten-deidesheim.com\/wp-content\/uploads\/2023\/09\/tagung-veranstaltung-event-ketschauer-hof-9728_Wohnzimmer-1536x1024.jpg 1536w\" sizes=\"(max-width: 2000px) 100vw, 2000px\" \/>\t\t\t\t\t\t\t\t<\/a>\n\t\t\t\t\t\t\t\t\t\t\t\t\t\t\t<\/div>\n\t\t\t\t<\/div>\n\t\t<div class=\"elementor-element elementor-element-4bb0252 e-con-full animated-slow e-flex elementor-invisible e-con e-child\" data-id=\"4bb0252\" data-element_type=\"container\" data-e-type=\"container\" data-settings=\"{&quot;animation&quot;:&quot;fadeInUp&quot;}\">\n\t\t\t\t<div class=\"elementor-element elementor-element-a164293 elementor-widget elementor-widget-heading\" data-id=\"a164293\" data-element_type=\"widget\" data-e-type=\"widget\" data-widget_type=\"heading.default\">\n\t\t\t\t\t<h2 class=\"elementor-heading-title elementor-size-default\"><a href=\"https:\/\/www.ketschauer-hof.com\/tagung-veranstaltung-event\/raeumlichkeiten\/\" target=\"_blank\" rel=\"noopener\">Premises \nin the Ketschauer Hof<\/a><\/h2>\t\t\t\t<\/div>\n\t\t\t\t<div class=\"elementor-element elementor-element-b03d58b elementor-widget-divider--view-line elementor-widget elementor-widget-divider\" data-id=\"b03d58b\" data-element_type=\"widget\" data-e-type=\"widget\" data-widget_type=\"divider.default\">\n\t\t\t\t\t\t\t<div class=\"elementor-divider\">\n\t\t\t<span class=\"elementor-divider-separator\">\n\t\t\t\t\t\t<\/span>\n\t\t<\/div>\n\t\t\t\t\t\t<\/div>\n\t\t\t\t<div class=\"elementor-element elementor-element-e5834fe elementor-widget elementor-widget-text-editor\" data-id=\"e5834fe\" data-element_type=\"widget\" data-e-type=\"widget\" data-widget_type=\"text-editor.default\">\n\t\t\t\t\t\t\t\t\t<div id=\"c91\" class=\"frame frame-default frame-type-text frame-layout-0\"><p>Our nearby sister hotel Ketschauer Hof offers intimate conference facilities in a private atmosphere <br>.<\/p><p>The unique charm of the historic walls allows you to immerse yourself and forget the noise of the world. A dreamlike setting for private parties, lavish celebrations and dream weddings.<\/p><\/div>\t\t\t\t\t\t\t\t<\/div>\n\t\t\t\t<div class=\"elementor-element elementor-element-b7efadc elementor-align-left elementor-mobile-align-center elementor-widget elementor-widget-button\" data-id=\"b7efadc\" data-element_type=\"widget\" data-e-type=\"widget\" data-widget_type=\"button.default\">\n\t\t\t\t\t\t\t\t\t\t<a class=\"elementor-button elementor-button-link elementor-size-md\" href=\"https:\/\/www.ketschauer-hof.com\/tagung-veranstaltung-event\/raeumlichkeiten\/\" target=\"_blank\" rel=\"noopener\">\n\t\t\t\t\t\t<span class=\"elementor-button-content-wrapper\">\n\t\t\t\t\t\t\t\t\t<span class=\"elementor-button-text\">Details<\/span>\n\t\t\t\t\t<\/span>\n\t\t\t\t\t<\/a>\n\t\t\t\t\t\t\t\t<\/div>\n\t\t\t\t<\/div>\n\t\t\t\t\t<\/div>\n\t\t\t\t<\/div>\n\t\t\t\t<\/div>\n\t\t","protected":false},"excerpt":{"rendered":"<p>Space for every occasion and every event With our two hotels Kaisergarten and Ketschauer Hof, we are broadly positionedand can offer the right venue for every occasion. As your conference hotel in the Palatinate, we offer you event rooms in the Kaisergarten and the Ketschauer Hof. Our &#8220;S\u00e9par\u00e9e im Gr\u00fcnen&#8221; is popular for private celebrations, [&hellip;]<\/p>\n","protected":false},"author":4,"featured_media":0,"parent":10965,"menu_order":30,"comment_status":"closed","ping_status":"closed","template":"","meta":{"_acf_changed":false,"footnotes":"","_links_to":"","_links_to_target":""},"class_list":["post-10973","page","type-page","status-publish","hentry"],"acf":[],"_links":{"self":[{"href":"https:\/\/www.kaisergarten-deidesheim.com\/en\/wp-json\/wp\/v2\/pages\/10973","targetHints":{"allow":["GET"]}}],"collection":[{"href":"https:\/\/www.kaisergarten-deidesheim.com\/en\/wp-json\/wp\/v2\/pages"}],"about":[{"href":"https:\/\/www.kaisergarten-deidesheim.com\/en\/wp-json\/wp\/v2\/types\/page"}],"author":[{"embeddable":true,"href":"https:\/\/www.kaisergarten-deidesheim.com\/en\/wp-json\/wp\/v2\/users\/4"}],"replies":[{"embeddable":true,"href":"https:\/\/www.kaisergarten-deidesheim.com\/en\/wp-json\/wp\/v2\/comments?post=10973"}],"version-history":[{"count":0,"href":"https:\/\/www.kaisergarten-deidesheim.com\/en\/wp-json\/wp\/v2\/pages\/10973\/revisions"}],"up":[{"embeddable":true,"href":"https:\/\/www.kaisergarten-deidesheim.com\/en\/wp-json\/wp\/v2\/pages\/10965"}],"wp:attachment":[{"href":"https:\/\/www.kaisergarten-deidesheim.com\/en\/wp-json\/wp\/v2\/media?parent=10973"}],"curies":[{"name":"wp","href":"https:\/\/api.w.org\/{rel}","templated":true}]}}