{"id":10879,"date":"2023-07-06T13:17:39","date_gmt":"2023-07-06T11:17:39","guid":{"rendered":"https:\/\/www.kaisergarten-deidesheim.com\/hotel\/rooms-suites\/breakfast\/"},"modified":"2024-03-25T08:43:40","modified_gmt":"2024-03-25T07:43:40","slug":"breakfast","status":"publish","type":"page","link":"https:\/\/www.kaisergarten-deidesheim.com\/en\/hotel\/rooms-suites\/breakfast\/","title":{"rendered":"Breakfast"},"content":{"rendered":"\t\t<div data-elementor-type=\"wp-page\" data-elementor-id=\"10879\" class=\"elementor elementor-10879 elementor-1395\" data-elementor-post-type=\"page\">\n\t\t\t\t<div class=\"elementor-element elementor-element-c760cf7 bg-gradient-gold60-white40 e-flex e-con-boxed e-con e-parent\" data-id=\"c760cf7\" data-element_type=\"container\" data-e-type=\"container\">\n\t\t\t\t\t<div class=\"e-con-inner\">\n\t\t<div class=\"elementor-element elementor-element-b251c44 e-con-full animated-slow e-flex elementor-invisible e-con e-child\" data-id=\"b251c44\" data-element_type=\"container\" data-e-type=\"container\" data-settings=\"{&quot;animation&quot;:&quot;fadeInUp&quot;}\">\n\t\t\t\t<div class=\"elementor-element elementor-element-4e64447 elementor-widget elementor-widget-shortcode\" data-id=\"4e64447\" data-element_type=\"widget\" data-e-type=\"widget\" data-widget_type=\"shortcode.default\">\n\t\t\t\t\t\t\t<div class=\"elementor-shortcode\"><nav aria-label=\"breadcrumbs\" class=\"rank-math-breadcrumb\"><p><span class=\"last\">Home<\/span><\/p><\/nav><\/div>\n\t\t\t\t\t\t<\/div>\n\t\t\t\t<\/div>\n\t\t<div class=\"elementor-element elementor-element-1a9b15c e-con-full animated-slow elementor-hidden-tablet elementor-hidden-mobile e-flex elementor-invisible e-con e-child\" data-id=\"1a9b15c\" data-element_type=\"container\" data-e-type=\"container\" data-settings=\"{&quot;animation&quot;:&quot;fadeInUp&quot;}\">\n\t\t\t\t<\/div>\n\t\t\t\t\t<\/div>\n\t\t\t\t<\/div>\n\t\t<div class=\"elementor-element elementor-element-c00b20d bg-gradient-gold60-white40 e-flex e-con-boxed e-con e-parent\" data-id=\"c00b20d\" data-element_type=\"container\" data-e-type=\"container\">\n\t\t\t\t\t<div class=\"e-con-inner\">\n\t\t<div class=\"elementor-element elementor-element-f91d3d1 e-con-full animated-slow e-flex elementor-invisible e-con e-child\" data-id=\"f91d3d1\" data-element_type=\"container\" data-e-type=\"container\" data-settings=\"{&quot;animation&quot;:&quot;fadeInUp&quot;}\">\n\t\t\t\t<div class=\"elementor-element elementor-element-7c771eb elementor-widget-divider--view-line elementor-widget elementor-widget-divider\" data-id=\"7c771eb\" data-element_type=\"widget\" data-e-type=\"widget\" data-widget_type=\"divider.default\">\n\t\t\t\t\t\t\t<div class=\"elementor-divider\">\n\t\t\t<span class=\"elementor-divider-separator\">\n\t\t\t\t\t\t<\/span>\n\t\t<\/div>\n\t\t\t\t\t\t<\/div>\n\t\t\t\t<div class=\"elementor-element elementor-element-a76286e elementor-widget elementor-widget-text-editor\" data-id=\"a76286e\" data-element_type=\"widget\" data-e-type=\"widget\" data-widget_type=\"text-editor.default\">\n\t\t\t\t\t\t\t\t\t<p><strong>Breakfast &#8211; yes\/no?  <\/strong><br \/>Our hotel guests can decide spontaneously without any worries.<br \/><span style=\"text-align: var(--text-align); color: var( --e-global-color-7008714 );\">Just drop by!  <\/span><span style=\"text-align: var(--text-align); color: var( --e-global-color-7008714 );\">No reservation is necessary, just first come &#8211; first serve.<\/span><\/p>\n<p>Breakfast times<br \/>Monday &#8211; Friday | 6.30 &#8211; 10 a.m.<br \/>Saturday &amp; Sunday | 7.30 &#8211; 11 a.m.<\/p>\n<p>29 \u20ac per person<\/p>\n<p>Depending <u>on availability and prior table reservation<\/u>, we also welcome external guests for breakfast.  <\/p>\n\t\t\t\t\t\t\t\t<\/div>\n\t\t\t\t<\/div>\n\t\t<div class=\"elementor-element elementor-element-8783ad1 e-con-full animated-slow e-flex elementor-invisible e-con e-child\" data-id=\"8783ad1\" data-element_type=\"container\" data-e-type=\"container\" data-settings=\"{&quot;animation&quot;:&quot;fadeInUp&quot;}\">\n\t\t\t\t<div class=\"elementor-element elementor-element-e7b3b98 overflow-hidden elementor-widget elementor-widget-image\" data-id=\"e7b3b98\" data-element_type=\"widget\" data-e-type=\"widget\" data-widget_type=\"image.default\">\n\t\t\t\t\t\t\t\t\t\t\t\t\t\t\t\t<a href=\"https:\/\/www.kaisergarten-deidesheim.com\/wp-content\/uploads\/2023\/09\/kaisergarten-hotel-spa-fruehstueck-im-riva-0051-min.jpg\" data-elementor-open-lightbox=\"yes\" data-elementor-lightbox-title=\"Kaisergarten Deidesheim Hotel &amp; Spa - Breakfast at RIVA\" data-elementor-lightbox-description=\"@ Andreas Nusch\" data-e-action-hash=\"#elementor-action%3Aaction%3Dlightbox%26settings%3DeyJpZCI6OTg1NCwidXJsIjoiaHR0cHM6XC9cL3d3dy5rYWlzZXJnYXJ0ZW4tZGVpZGVzaGVpbS5jb21cL3dwLWNvbnRlbnRcL3VwbG9hZHNcLzIwMjNcLzA5XC9rYWlzZXJnYXJ0ZW4taG90ZWwtc3BhLWZydWVoc3R1ZWNrLWltLXJpdmEtMDA1MS1taW4uanBnIn0%3D\">\n\t\t\t\t\t\t\t<img fetchpriority=\"high\" decoding=\"async\" width=\"768\" height=\"512\" src=\"https:\/\/www.kaisergarten-deidesheim.com\/wp-content\/uploads\/2023\/09\/kaisergarten-hotel-spa-fruehstueck-im-riva-0051-min-768x512.jpg\" class=\"elementor-animation-grow attachment-medium_large size-medium_large wp-image-9854\" alt=\"Kaisergarten Deidesheim Hotel &amp; Spa - Breakfast at RIVA\" srcset=\"https:\/\/www.kaisergarten-deidesheim.com\/wp-content\/uploads\/2023\/09\/kaisergarten-hotel-spa-fruehstueck-im-riva-0051-min-768x512.jpg 768w, https:\/\/www.kaisergarten-deidesheim.com\/wp-content\/uploads\/2023\/09\/kaisergarten-hotel-spa-fruehstueck-im-riva-0051-min-300x200.jpg 300w, https:\/\/www.kaisergarten-deidesheim.com\/wp-content\/uploads\/2023\/09\/kaisergarten-hotel-spa-fruehstueck-im-riva-0051-min-1024x682.jpg 1024w, https:\/\/www.kaisergarten-deidesheim.com\/wp-content\/uploads\/2023\/09\/kaisergarten-hotel-spa-fruehstueck-im-riva-0051-min-1536x1024.jpg 1536w, https:\/\/www.kaisergarten-deidesheim.com\/wp-content\/uploads\/2023\/09\/kaisergarten-hotel-spa-fruehstueck-im-riva-0051-min.jpg 2000w\" sizes=\"(max-width: 768px) 100vw, 768px\" \/>\t\t\t\t\t\t\t\t<\/a>\n\t\t\t\t\t\t\t\t\t\t\t\t\t\t\t<\/div>\n\t\t\t\t<\/div>\n\t\t\t\t\t<\/div>\n\t\t\t\t<\/div>\n\t\t<div class=\"elementor-element elementor-element-405a417 bg-gradient-white40-gold60 e-flex e-con-boxed e-con e-parent\" data-id=\"405a417\" data-element_type=\"container\" data-e-type=\"container\">\n\t\t\t\t\t<div class=\"e-con-inner\">\n\t\t<div class=\"elementor-element elementor-element-52f366d e-con-full animated-slow e-flex elementor-invisible e-con e-child\" data-id=\"52f366d\" data-element_type=\"container\" data-e-type=\"container\" data-settings=\"{&quot;animation&quot;:&quot;fadeInUp&quot;}\">\n\t\t\t\t<div class=\"elementor-element elementor-element-ab5c67f elementor--h-position-left elementor--v-position-bottom img-slide-with-caption elementor-widget elementor-widget-slides\" data-id=\"ab5c67f\" data-element_type=\"widget\" data-e-type=\"widget\" data-settings=\"{&quot;navigation&quot;:&quot;none&quot;,&quot;autoplay&quot;:&quot;yes&quot;,&quot;pause_on_hover&quot;:&quot;yes&quot;,&quot;pause_on_interaction&quot;:&quot;yes&quot;,&quot;autoplay_speed&quot;:5000,&quot;infinite&quot;:&quot;yes&quot;,&quot;transition&quot;:&quot;slide&quot;,&quot;transition_speed&quot;:500}\" data-widget_type=\"slides.default\">\n\t\t\t\t\t\t\t\t\t\t<div class=\"elementor-slides-wrapper elementor-main-swiper swiper\" role=\"region\" aria-roledescription=\"carousel\" aria-label=\"Slides\" dir=\"ltr\" data-animation=\"fadeInUp\">\n\t\t\t\t<div class=\"swiper-wrapper elementor-slides\">\n\t\t\t\t\t\t\t\t\t\t<div class=\"elementor-repeater-item-58a2e9a swiper-slide\" role=\"group\" aria-roledescription=\"slide\"><div class=\"swiper-slide-bg\" role=\"img\" aria-label=\"Tresen der gl\u00e4sernen Showk\u00fcche im Restaurant RIVA. In einer Box stehen mit verschiedenen Smoothies gef\u00fcllte Glasflaschen, versehen mit Trinkr\u00f6hrchen, die die G\u00e4ste sich ausw\u00e4hlen. Dahinter eine Tafel auf der steht: Smoothies, Waffeln, Omelette, Spiegelei, R\u00fchrei\"><\/div><div class=\"swiper-slide-inner\" ><div class=\"swiper-slide-contents\"><div class=\"elementor-slide-description\"><p>Andreas Nusch<\/p>\n<\/div><\/div><\/div><\/div><div class=\"elementor-repeater-item-e15cf8f swiper-slide\" role=\"group\" aria-roledescription=\"slide\"><div class=\"swiper-slide-bg\" role=\"img\" aria-label=\"Die gl\u00e4serne Showk\u00fcche im Ganzen im Restaurant RIVA. Auf dem K\u00fcchentresen sind die Zutaten f\u00fcr frische Eierspeisen, wie bspw. Omelette, zu sehen. Im Hintergrund der gro\u00dfe Pizza-Ofen, in dem t\u00e4glich original italienische Pizzen gebacken werden. Im Vordergrund die gro\u00dfe rote Schinkenschneidemaschine.\"><\/div><div class=\"swiper-slide-inner\" ><div class=\"swiper-slide-contents\"><div class=\"elementor-slide-description\"><p>Andreas Nusch<\/p>\n<\/div><\/div><\/div><\/div><div class=\"elementor-repeater-item-cae21c5 swiper-slide\" role=\"group\" aria-roledescription=\"slide\"><div class=\"swiper-slide-bg\" role=\"img\" aria-label=\"Im Waffeleisen liegt eine frisch gebackene Waffel bereit. Davor ist eine Teigsch\u00fcssel mit Waffelteig zu sehen. Die Waffelproduktion findet in unserer gl\u00e4sernen Showk\u00fcche im Restaurant RIVA statt.\"><\/div><div class=\"swiper-slide-inner\" ><div class=\"swiper-slide-contents\"><div class=\"elementor-slide-description\"><p>Andreas Nusch<\/p>\n<\/div><\/div><\/div><\/div><div class=\"elementor-repeater-item-d245f5f swiper-slide\" role=\"group\" aria-roledescription=\"slide\"><div class=\"swiper-slide-bg\" role=\"img\" aria-label=\"Spiegelei, angereichtet mit einem Schnittlauchstr\u00e4u\u00dfchen auf einem wei\u00dfen Teller. Fr\u00fchst\u00fcck im Restaurant RIVA im Weinhotel Kaisergarten Deidesheim\/ Pfalz.\"><\/div><div class=\"swiper-slide-inner\" ><div class=\"swiper-slide-contents\"><div class=\"elementor-slide-description\"><p>Andreas Nusch<\/p>\n<\/div><\/div><\/div><\/div>\t\t\t\t<\/div>\n\t\t\t\t\t\t\t\t\t\t\t\t\t\t\t\t\t\t\t\t\t<\/div>\n\t\t\t\t\t\t\t\t<\/div>\n\t\t\t\t<\/div>\n\t\t<div class=\"elementor-element elementor-element-9e1bde3 e-con-full animated-slow e-flex elementor-invisible e-con e-child\" data-id=\"9e1bde3\" data-element_type=\"container\" data-e-type=\"container\" data-settings=\"{&quot;animation&quot;:&quot;fadeInUp&quot;}\">\n\t\t\t\t<div class=\"elementor-element elementor-element-238e689 elementor-widget elementor-widget-heading\" data-id=\"238e689\" data-element_type=\"widget\" data-e-type=\"widget\" data-widget_type=\"heading.default\">\n\t\t\t\t\t<h2 class=\"elementor-heading-title elementor-size-default\">Late riser breakfast<\/h2>\t\t\t\t<\/div>\n\t\t\t\t<div class=\"elementor-element elementor-element-0140957 elementor-widget-divider--view-line elementor-widget elementor-widget-divider\" data-id=\"0140957\" data-element_type=\"widget\" data-e-type=\"widget\" data-widget_type=\"divider.default\">\n\t\t\t\t\t\t\t<div class=\"elementor-divider\">\n\t\t\t<span class=\"elementor-divider-separator\">\n\t\t\t\t\t\t<\/span>\n\t\t<\/div>\n\t\t\t\t\t\t<\/div>\n\t\t\t\t<div class=\"elementor-element elementor-element-1d3e4c7 elementor-widget elementor-widget-text-editor\" data-id=\"1d3e4c7\" data-element_type=\"widget\" data-e-type=\"widget\" data-widget_type=\"text-editor.default\">\n\t\t\t\t\t\t\t\t\t<p>Every <strong>Sunday<\/strong> we invite hotel guests and external guests to an extensive breakfast for&nbsp;<strong>late risers <\/strong>!<\/p>\n<p><span style=\"text-align: var(--text-align); color: var( --e-global-color-7008714 );\">We spoil you with freshly prepared egg dishes from our show kitchen, refreshing smoothies and honey straight from the honeycomb. You can look forward to a varied breakfast buffet with fine extras and various breads and baked goods.<\/span><\/p>\n<p>Due to its popularity, we recommend booking early.<\/p>\n<p>Sunday | 11.30 a.m. &#8211; 2 p.m.<\/p>\n<p><span style=\"text-align: var(--text-align); color: var( --e-global-color-7008714 );\">39 \u20ac per person<\/span><\/p>\n<p><em>Which Sunday will I see you on?<\/em><\/p>\t\t\t\t\t\t\t\t<\/div>\n\t\t\t\t<\/div>\n\t\t\t\t\t<\/div>\n\t\t\t\t<\/div>\n\t\t<div class=\"elementor-element elementor-element-4b6511e e-flex e-con-boxed e-con e-parent\" data-id=\"4b6511e\" data-element_type=\"container\" data-e-type=\"container\">\n\t\t\t\t\t<div class=\"e-con-inner\">\n\t\t\t\t<div class=\"elementor-element elementor-element-9ef02f1 btn-back animated-slow elementor-invisible elementor-widget elementor-widget-button\" data-id=\"9ef02f1\" data-element_type=\"widget\" data-e-type=\"widget\" data-settings=\"{&quot;_animation&quot;:&quot;fadeInUp&quot;}\" data-widget_type=\"button.default\">\n\t\t\t\t\t\t\t\t\t\t<a class=\"elementor-button elementor-button-link elementor-size-xs\" href=\"#\">\n\t\t\t\t\t\t<span class=\"elementor-button-content-wrapper\">\n\t\t\t\t\t\t\t\t\t<span class=\"elementor-button-text\">back<\/span>\n\t\t\t\t\t<\/span>\n\t\t\t\t\t<\/a>\n\t\t\t\t\t\t\t\t<\/div>\n\t\t\t\t\t<\/div>\n\t\t\t\t<\/div>\n\t\t\t\t<\/div>\n\t\t","protected":false},"excerpt":{"rendered":"<p>Breakfast &#8211; yes\/no? Our hotel guests can decide spontaneously without any worries.Just drop by! No reservation is necessary, just first come &#8211; first serve. Breakfast timesMonday &#8211; Friday | 6.30 &#8211; 10 a.m.Saturday &amp; Sunday | 7.30 &#8211; 11 a.m. 29 \u20ac per person Depending on availability and prior table reservation, we also welcome external [&hellip;]<\/p>\n","protected":false},"author":4,"featured_media":0,"parent":10857,"menu_order":70,"comment_status":"closed","ping_status":"closed","template":"","meta":{"_acf_changed":false,"footnotes":"","_links_to":"","_links_to_target":""},"class_list":["post-10879","page","type-page","status-publish","hentry"],"acf":[],"_links":{"self":[{"href":"https:\/\/www.kaisergarten-deidesheim.com\/en\/wp-json\/wp\/v2\/pages\/10879","targetHints":{"allow":["GET"]}}],"collection":[{"href":"https:\/\/www.kaisergarten-deidesheim.com\/en\/wp-json\/wp\/v2\/pages"}],"about":[{"href":"https:\/\/www.kaisergarten-deidesheim.com\/en\/wp-json\/wp\/v2\/types\/page"}],"author":[{"embeddable":true,"href":"https:\/\/www.kaisergarten-deidesheim.com\/en\/wp-json\/wp\/v2\/users\/4"}],"replies":[{"embeddable":true,"href":"https:\/\/www.kaisergarten-deidesheim.com\/en\/wp-json\/wp\/v2\/comments?post=10879"}],"version-history":[{"count":0,"href":"https:\/\/www.kaisergarten-deidesheim.com\/en\/wp-json\/wp\/v2\/pages\/10879\/revisions"}],"up":[{"embeddable":true,"href":"https:\/\/www.kaisergarten-deidesheim.com\/en\/wp-json\/wp\/v2\/pages\/10857"}],"wp:attachment":[{"href":"https:\/\/www.kaisergarten-deidesheim.com\/en\/wp-json\/wp\/v2\/media?parent=10879"}],"curies":[{"name":"wp","href":"https:\/\/api.w.org\/{rel}","templated":true}]}}